{"id":909,"date":"2021-05-16T08:26:03","date_gmt":"2021-05-16T08:26:03","guid":{"rendered":"https:\/\/poncebernal.es\/?page_id=909"},"modified":"2021-05-30T11:51:52","modified_gmt":"2021-05-30T11:51:52","slug":"ateneo","status":"publish","type":"page","link":"https:\/\/poncebernal.es\/?page_id=909","title":{"rendered":"ATENEO"},"content":{"rendered":"<p>[et_pb_section fb_built=\u00bb1&#8243; _builder_version=\u00bb4.9.2&#8243; _module_preset=\u00bbdefault\u00bb module_alignment=\u00bbcenter\u00bb][et_pb_row disabled_on=\u00bbon|on|off\u00bb _builder_version=\u00bb4.9.2&#8243; _module_preset=\u00bbdefault\u00bb animation_style=\u00bbfade\u00bb][et_pb_column type=\u00bb4_4&#8243; _builder_version=\u00bb4.9.2&#8243; _module_preset=\u00bbdefault\u00bb][et_pb_menu menu_id=\u00bb33&#8243; menu_style=\u00bbcentered\u00bb dropdown_menu_text_color=\u00bb#EDF000&#8243; disabled_on=\u00bbon|on|off\u00bb _builder_version=\u00bb4.9.2&#8243; _module_preset=\u00bbdefault\u00bb menu_font=\u00bbBarlow Condensed|700|||||||\u00bb menu_font_size=\u00bb21px\u00bb background_color=\u00bb#FFFFFF\u00bb position_origin_f=\u00bbtop_center\u00bb z_index=\u00bb0&#8243;][\/et_pb_menu][\/et_pb_column][\/et_pb_row][et_pb_row _builder_version=\u00bb4.9.2&#8243; _module_preset=\u00bbdefault\u00bb][et_pb_column type=\u00bb4_4&#8243; _builder_version=\u00bb4.9.2&#8243; _module_preset=\u00bbdefault\u00bb][et_pb_divider color=\u00bb#000000&#8243; divider_weight=\u00bb8px\u00bb _builder_version=\u00bb4.9.2&#8243; _module_preset=\u00bbdefault\u00bb width=\u00bb51%\u00bb max_width=\u00bb22%\u00bb custom_margin=\u00bb||5px|||\u00bb custom_padding=\u00bb||26px|||\u00bb global_module=\u00bb211&#8243;][\/et_pb_divider][et_pb_cta title=\u00bbEL ATENEO\u00bb _builder_version=\u00bb4.9.2&#8243; _module_preset=\u00bbdefault\u00bb header_level=\u00bbh1&#8243; header_font=\u00bbBarlow Condensed|700|||||||\u00bb header_text_color=\u00bb#000000&#8243; header_font_size=\u00bb60px\u00bb body_font=\u00bbBarlow Condensed|300|||||||\u00bb body_text_color=\u00bb#000000&#8243; body_font_size=\u00bb43px\u00bb body_letter_spacing=\u00bb1px\u00bb body_line_height=\u00bb1.3em\u00bb background_enable_color=\u00bboff\u00bb use_background_color=\u00bboff\u00bb text_orientation=\u00bbleft\u00bb custom_margin=\u00bb-29px||-1px|||\u00bb custom_padding=\u00bb||0px|||\u00bb header_text_color_tablet=\u00bb\u00bb header_text_color_phone=\u00bb\u00bb header_text_color_last_edited=\u00bbon|tablet\u00bb header_font_size_tablet=\u00bb50px\u00bb header_font_size_phone=\u00bb\u00bb header_font_size_last_edited=\u00bbon|phone\u00bb]<\/p>\n<p>Ponce Bernal fue, junto a otros intelectuales y hombres de su generaci\u00f3n, impulsor del Ateneo Popular de Huelva<\/p>\n<p>[\/et_pb_cta][et_pb_image src=\u00bbhttp:\/\/poncebernal.es\/wp-content\/uploads\/2021\/05\/HOMBRE-DE-ACCION.-ATENEO-HUELVA-IMG_4144-1.jpg\u00bb title_text=\u00bbHOMBRE DE ACCI\u00d3N. ATENEO HUELVA IMG_4144&#8243; force_fullwidth=\u00bbon\u00bb _builder_version=\u00bb4.9.2&#8243; _module_preset=\u00bbdefault\u00bb][\/et_pb_image][et_pb_text _builder_version=\u00bb4.9.2&#8243; _module_preset=\u00bbdefault\u00bb custom_margin=\u00bb5px|||||\u00bb]<\/p>\n<p>Ponce Bernal fue, junto a otros intelectuales y hombres de su generaci\u00f3n, impulsor del Ateneo Popular de Huelva. Lo cuenta muy bien su buen amigo Rafael Torres Endrina, periodista almonte\u00f1o, con quien entr\u00f3 en el <em>Diario<\/em> en enero de 1928 y que march\u00f3 a Madrid a los pocos meses. Contaba en <em>Heraldo<\/em> (12-07-1928) que en el verano de 1922, mientras tomaba un caf\u00e9, a ra\u00edz de una conversaci\u00f3n con el empleado que le estaba sirviendo, \u00e9ste le anim\u00f3 a llevar la iniciativa de crear un ateneo en Huelva que pudiera convertirse en centro libre de ense\u00f1anza. Este tipo de centros de la cultura existieron en Huelva a finales del siglo XIX y primeros del XX con una vida azarosa. Precisamente en 1900, Juan Ram\u00f3n Jim\u00e9nez impuls\u00f3 la reapertura del Ateneo de Huelva, encontr\u00e1ndose con la oposici\u00f3n de la clase social y pol\u00edtica conservadora, como cuenta Mar\u00eda Antonia Pe\u00f1a en \u201cEl sistema caciquil en la provincia de Huelva. Clase pol\u00edtica y partidos (1898 \u2013 1923)\u201d.<\/p>\n<p>Entusiasmado con la idea, reuni\u00f3 en el caf\u00e9 <em>La Perla<\/em> a un grupo de amigos y \u201cen pocos d\u00edas estaba redactado el reglamento y un vibrante manifiesto\u201d. Comenz\u00f3 as\u00ed la andadura del Ateneo Popular de Huelva. Entre esos amigos, impulsores del proyecto, citaba a nuestro autor como escritor: Manuel Sanz Hern\u00e1ndez, empleado; Manuel del R\u00edo y Gonzalo Leandro, camareros, Domingo Navarro Riguez, panadero; Jos\u00e9 Ponce Bernal, escritor; Jos\u00e9 Trigo Dur\u00e1n y Enrique Andivia, metal\u00fargicos, y \u00e9l mismo, que entonces ya dirig\u00eda <em>El Defensor<\/em>. Esta diversidad de profesiones explica el sentido que quer\u00eda darse al nuevo centro cultural, que era atender la educaci\u00f3n de las clases modestas para que obreros e intelectuales por igual tuvieran acceso a una instrucci\u00f3n y a una biblioteca. Despu\u00e9s de celebrar varias asambleas en el Orfe\u00f3n Onubense, qued\u00f3 elegida la primera junta directiva con Am\u00f3s Sabr\u00e1s como presidente y Torres Endrina como vicepresidente. El Ateneo Popular de Huelva, cuya sede se encontraba en la calle Gravina de la capital, fue presentado el 20 de enero de 1923 y registrado en el Gobierno Civil de Huelva cinco d\u00edas despu\u00e9s, con la finalidad de \u201cdifundir los conocimientos cient\u00edficos entre las clases sociales\u201d.<\/p>\n<p>&nbsp;<\/p>\n<p>[\/et_pb_text][et_pb_slider show_arrows=\u00bboff\u00bb show_pagination=\u00bboff\u00bb use_bg_overlay=\u00bboff\u00bb use_text_overlay=\u00bboff\u00bb _builder_version=\u00bb4.9.2&#8243; _module_preset=\u00bbdefault\u00bb header_font=\u00bbBarlow Condensed|700||on|||||\u00bb body_font=\u00bbBarlow Condensed|100|||||||\u00bb body_font_size=\u00bb24px\u00bb body_letter_spacing=\u00bb1px\u00bb custom_button=\u00bbon\u00bb custom_margin=\u00bb0px||||false|false\u00bb][et_pb_slide heading=\u00bbEl ATENEO\u00bb image=\u00bbhttp:\/\/poncebernal.es\/wp-content\/uploads\/2021\/05\/extracto.jpg\u00bb _builder_version=\u00bb4.9.2&#8243; _module_preset=\u00bbdefault\u00bb background_color=\u00bb#2ea3f2&#8243; background_enable_color=\u00bbon\u00bb sticky_transition=\u00bbon\u00bb]<\/p>\n<p><strong>Extracto del art\u00edculo de Torres Endrina en <em>Heraldo de Madrid.<\/em><\/strong><\/p>\n<p>[\/et_pb_slide][\/et_pb_slider][et_pb_text _builder_version=\u00bb4.9.2&#8243; _module_preset=\u00bbdefault\u00bb custom_margin=\u00bb5px|||||\u00bb]<\/p>\n<p>La labor fue muy intensa, a tenor de lo que describe el periodista en su reportaje, entre ellas la apertura de la biblioteca, que en el momento de escribirlo, 1928, contaba ya con \u201cvarios miles de vol\u00famenes\u201d. Explicaba que al semestre de empezar a funcionar, el Ateneo Popular de Huelva contaba con \u201cun millar de socios y m\u00e1s de trescientos alumnos\u201d, cifras que se hab\u00edan triplicado a lo largo de todos esos a\u00f1os, en los que hab\u00edan funcionado \u201ccon normalidad clases de primera ense\u00f1anza elemental (masculinas y femeninas), dibujo (tambi\u00e9n para ambos sexos), franc\u00e9s, ingl\u00e9s, labores, m\u00fasica, taquigraf\u00eda, corte y confecci\u00f3n, econom\u00eda, contabilidad, etc., etc., todas a cargo de profesores entusiastas, muchos de ellos sin remuneraci\u00f3n fija\u201d. Adem\u00e1s, explicaba que exist\u00edan secciones de Literatura, Ciencias Sociales, Medicina, Cultura f\u00edsica, Ense\u00f1anza para la mujer, Derecho y Bellas Artes\u201d. Con esta labor, dec\u00eda el amigo de Ponce Bernal, \u201clos trabajadores encuentran all\u00ed recreo para su esp\u00edritu, libros en abundancia, conferencias y frecuentes espect\u00e1culos de arte, c\u00e1tedras de todo abiertas para todos y un sinf\u00edn de medios educativos de los que Huelva carec\u00eda si los pertinaces enemigos del Ateneo hacen triunfar sus insanos prop\u00f3sitos\u201d. Igual que ocurriera a principios de siglo con la reapertura del Ateneo de Huelva impulsada por Juan Ram\u00f3n Jim\u00e9nez, nuevamente la iniciativa cultural se encontraba con una oposici\u00f3n similar a la de entonces. La condici\u00f3n de diputado a Cortes del socialista\u00a0 Am\u00f3s Sabr\u00e1s fue raz\u00f3n para que los \u201ceternos papistas\u201d, en palabras de Torres Endrina, protestasen. Pero logr\u00f3 sobrevivir hasta la guerra civil.<\/p>\n<p>Es muy interesante este reportaje que describe la vida de un centro que debi\u00f3 servir a Ponce Bernal de refugio cultural para enriquecer su formaci\u00f3n. No era desde\u00f1able poder beneficiarse de las ense\u00f1anzas de los ilustres profesores que se prestaban a la inmensa labor de la educaci\u00f3n fuera de los centros oficiales.<\/p>\n<p>&nbsp;<\/p>\n<p>[\/et_pb_text][\/et_pb_column][\/et_pb_row][et_pb_row _builder_version=\u00bb4.9.2&#8243; _module_preset=\u00bbdefault\u00bb][et_pb_column type=\u00bb4_4&#8243; _builder_version=\u00bb4.9.2&#8243; _module_preset=\u00bbdefault\u00bb][et_pb_divider color=\u00bb#000000&#8243; divider_weight=\u00bb8px\u00bb _builder_version=\u00bb4.9.2&#8243; _module_preset=\u00bbdefault\u00bb max_width=\u00bb16%\u00bb module_alignment=\u00bbcenter\u00bb][\/et_pb_divider][et_pb_cta title=\u00bbSIN EL CALOR DE LA CONCIENCIA SOCIAL, LAS MEJORES EMPRESAS FRACASAN\u00bb button_text=\u00bbVER\u00bb _builder_version=\u00bb4.9.2&#8243; _module_preset=\u00bbdefault\u00bb header_font=\u00bbBarlow Condensed|700|||||||\u00bb header_text_color=\u00bb#000000&#8243; header_font_size=\u00bb61px\u00bb body_font=\u00bbBarlow Condensed|100|||||||\u00bb body_text_color=\u00bb#000000&#8243; body_font_size=\u00bb40px\u00bb body_line_height=\u00bb1.8em\u00bb use_background_color=\u00bboff\u00bb]<\/p>\n<p><em>Diario de Huelva,<\/em>\u00a002-10-1927<\/p>\n<p>[\/et_pb_cta][\/et_pb_column][\/et_pb_row][\/et_pb_section]<\/p>\n","protected":false},"excerpt":{"rendered":"<p>[et_pb_section fb_built=\u00bb1&#8243; _builder_version=\u00bb4.9.2&#8243; _module_preset=\u00bbdefault\u00bb module_alignment=\u00bbcenter\u00bb][et_pb_row disabled_on=\u00bbon|on|off\u00bb _builder_version=\u00bb4.9.2&#8243; _module_preset=\u00bbdefault\u00bb animation_style=\u00bbfade\u00bb][et_pb_column type=\u00bb4_4&#8243; _builder_version=\u00bb4.9.2&#8243; _module_preset=\u00bbdefault\u00bb][et_pb_menu menu_id=\u00bb33&#8243; menu_style=\u00bbcentered\u00bb dropdown_menu_text_color=\u00bb#EDF000&#8243; disabled_on=\u00bbon|on|off\u00bb _builder_version=\u00bb4.9.2&#8243; _module_preset=\u00bbdefault\u00bb menu_font=\u00bbBarlow Condensed|700|||||||\u00bb menu_font_size=\u00bb21px\u00bb background_color=\u00bb#FFFFFF\u00bb position_origin_f=\u00bbtop_center\u00bb z_index=\u00bb0&#8243;][\/et_pb_menu][\/et_pb_column][\/et_pb_row][et_pb_row _builder_version=\u00bb4.9.2&#8243; _module_preset=\u00bbdefault\u00bb][et_pb_column type=\u00bb4_4&#8243; _builder_version=\u00bb4.9.2&#8243; _module_preset=\u00bbdefault\u00bb][et_pb_divider color=\u00bb#000000&#8243; divider_weight=\u00bb8px\u00bb _builder_version=\u00bb4.9.2&#8243; _module_preset=\u00bbdefault\u00bb width=\u00bb51%\u00bb max_width=\u00bb22%\u00bb custom_margin=\u00bb||5px|||\u00bb custom_padding=\u00bb||26px|||\u00bb global_module=\u00bb211&#8243;][\/et_pb_divider][et_pb_cta title=\u00bbEL ATENEO\u00bb _builder_version=\u00bb4.9.2&#8243; _module_preset=\u00bbdefault\u00bb header_level=\u00bbh1&#8243; header_font=\u00bbBarlow Condensed|700|||||||\u00bb header_text_color=\u00bb#000000&#8243; header_font_size=\u00bb60px\u00bb body_font=\u00bbBarlow Condensed|300|||||||\u00bb body_text_color=\u00bb#000000&#8243; body_font_size=\u00bb43px\u00bb body_letter_spacing=\u00bb1px\u00bb body_line_height=\u00bb1.3em\u00bb background_enable_color=\u00bboff\u00bb use_background_color=\u00bboff\u00bb [&hellip;]<\/p>\n","protected":false},"author":1,"featured_media":0,"parent":0,"menu_order":0,"comment_status":"closed","ping_status":"closed","template":"","meta":{"_et_pb_use_builder":"on","_et_pb_old_content":"<!-- wp:divi\/placeholder \/-->","_et_gb_content_width":""},"_links":{"self":[{"href":"https:\/\/poncebernal.es\/index.php?rest_route=\/wp\/v2\/pages\/909"}],"collection":[{"href":"https:\/\/poncebernal.es\/index.php?rest_route=\/wp\/v2\/pages"}],"about":[{"href":"https:\/\/poncebernal.es\/index.php?rest_route=\/wp\/v2\/types\/page"}],"author":[{"embeddable":true,"href":"https:\/\/poncebernal.es\/index.php?rest_route=\/wp\/v2\/users\/1"}],"replies":[{"embeddable":true,"href":"https:\/\/poncebernal.es\/index.php?rest_route=%2Fwp%2Fv2%2Fcomments&post=909"}],"version-history":[{"count":15,"href":"https:\/\/poncebernal.es\/index.php?rest_route=\/wp\/v2\/pages\/909\/revisions"}],"predecessor-version":[{"id":1569,"href":"https:\/\/poncebernal.es\/index.php?rest_route=\/wp\/v2\/pages\/909\/revisions\/1569"}],"wp:attachment":[{"href":"https:\/\/poncebernal.es\/index.php?rest_route=%2Fwp%2Fv2%2Fmedia&parent=909"}],"curies":[{"name":"wp","href":"https:\/\/api.w.org\/{rel}","templated":true}]}}