{"id":901,"date":"2021-05-16T08:23:50","date_gmt":"2021-05-16T08:23:50","guid":{"rendered":"https:\/\/poncebernal.es\/?page_id=901"},"modified":"2021-05-30T11:39:22","modified_gmt":"2021-05-30T11:39:22","slug":"hombre-de-accion","status":"publish","type":"page","link":"https:\/\/poncebernal.es\/?page_id=901","title":{"rendered":"HOMBRE DE ACCI\u00d3N"},"content":{"rendered":"<p>[et_pb_section fb_built=\u00bb1&#8243; _builder_version=\u00bb4.9.2&#8243; _module_preset=\u00bbdefault\u00bb module_alignment=\u00bbcenter\u00bb custom_padding=\u00bb|||0px||\u00bb][et_pb_row disabled_on=\u00bbon|on|off\u00bb _builder_version=\u00bb4.9.2&#8243; _module_preset=\u00bbdefault\u00bb animation_style=\u00bbfade\u00bb][et_pb_column type=\u00bb4_4&#8243; _builder_version=\u00bb4.9.2&#8243; _module_preset=\u00bbdefault\u00bb][et_pb_menu menu_id=\u00bb33&#8243; menu_style=\u00bbcentered\u00bb dropdown_menu_text_color=\u00bb#EDF000&#8243; disabled_on=\u00bbon|on|off\u00bb _builder_version=\u00bb4.9.2&#8243; _module_preset=\u00bbdefault\u00bb menu_font=\u00bbBarlow Condensed|700|||||||\u00bb menu_font_size=\u00bb21px\u00bb background_color=\u00bb#FFFFFF\u00bb position_origin_f=\u00bbtop_center\u00bb z_index=\u00bb0&#8243;][\/et_pb_menu][\/et_pb_column][\/et_pb_row][et_pb_row _builder_version=\u00bb4.9.2&#8243; _module_preset=\u00bbdefault\u00bb][et_pb_column type=\u00bb4_4&#8243; _builder_version=\u00bb4.9.2&#8243; _module_preset=\u00bbdefault\u00bb][et_pb_divider color=\u00bb#000000&#8243; divider_weight=\u00bb8px\u00bb _builder_version=\u00bb4.9.2&#8243; _module_preset=\u00bbdefault\u00bb width=\u00bb51%\u00bb max_width=\u00bb22%\u00bb custom_margin=\u00bb||5px|||\u00bb custom_padding=\u00bb||26px|||\u00bb global_module=\u00bb211&#8243;][\/et_pb_divider][et_pb_cta title=\u00bbEL HOMBRE DE ACCI\u00d3N\u00bb _builder_version=\u00bb4.9.2&#8243; _module_preset=\u00bbdefault\u00bb header_level=\u00bbh1&#8243; header_font=\u00bbBarlow Condensed|700|||||||\u00bb header_text_color=\u00bb#000000&#8243; header_font_size=\u00bb60px\u00bb body_font=\u00bbBarlow Condensed|300|||||||\u00bb body_text_color=\u00bb#000000&#8243; body_font_size=\u00bb43px\u00bb body_letter_spacing=\u00bb1px\u00bb body_line_height=\u00bb1.3em\u00bb background_enable_color=\u00bboff\u00bb use_background_color=\u00bboff\u00bb text_orientation=\u00bbleft\u00bb custom_margin=\u00bb-29px||-1px|||\u00bb custom_padding=\u00bb||0px|||\u00bb header_text_color_tablet=\u00bb\u00bb header_text_color_phone=\u00bb\u00bb header_text_color_last_edited=\u00bbon|tablet\u00bb header_font_size_tablet=\u00bb50px\u00bb header_font_size_phone=\u00bb\u00bb header_font_size_last_edited=\u00bbon|phone\u00bb]<\/p>\n<p>Jos\u00e9 Ponce Bernal hizo un periodismo militante, comprometido. Fue sin duda un intelectual en el amplio sentido del t\u00e9rmino que utiliz\u00f3 Unamuno y otros de su generaci\u00f3n en el siglo XIX<\/p>\n<p>[\/et_pb_cta][et_pb_image src=\u00bbhttp:\/\/poncebernal.es\/wp-content\/uploads\/2021\/05\/HOMBRE-DE-ACCION.jpg\u00bb title_text=\u00bbHOMBRE DE ACCI\u00d3N\u00bb force_fullwidth=\u00bbon\u00bb _builder_version=\u00bb4.9.2&#8243; _module_preset=\u00bbdefault\u00bb][\/et_pb_image][et_pb_text _builder_version=\u00bb4.9.2&#8243; _module_preset=\u00bbdefault\u00bb custom_margin=\u00bb5px|||||\u00bb]<\/p>\n<p>Jos\u00e9 Ponce Bernal hizo un periodismo militante, comprometido. Fue sin duda un intelectual en el amplio sentido del t\u00e9rmino que utiliz\u00f3 Unamuno y otros de su generaci\u00f3n en el siglo XIX. Se form\u00f3 en el ambiente de cambio en el pensamiento y en las actitudes de la sociedad espa\u00f1ola que protagonizaron los hombres y mujeres de la Generaci\u00f3n del 14: Ortega, Aza\u00f1a, Giner de los R\u00edos, Ramiro y Mar\u00eda de Maeztu, Zenobia Camprub\u00ed, Campoamor, Mara\u00f1\u00f3n, etc\u00e9tera. Y creci\u00f3 junto a los de la del 27: Lorca, Alberti, Ayala, Chacel, Cernuda, etc\u00e9tera.<\/p>\n<p>En una provincia alejada de ese eje cultural y pol\u00edtico, Ponce cre\u00f3 opini\u00f3n desde las p\u00e1ginas de los peri\u00f3dicos, impuls\u00f3 acciones culturales como la puesta en marcha del Ateneo Popular de Huelva; promovi\u00f3 campa\u00f1as para elogiar figuras de la literatura, como Benavente o Mariano de Cavia; y de la pedagog\u00eda, como Luis Bello.<\/p>\n<p>Vio e interpret\u00f3 el problema de Huelva como aquella Generaci\u00f3n del 14 vio e interpret\u00f3 el problema de Espa\u00f1a. La falta de cultura conduc\u00eda a la frustraci\u00f3n y \u00e9sta incapacitaba para alcanzar el ritmo que marcaba el resto de Espa\u00f1a para Huelva y Europa para Espa\u00f1a.<\/p>\n<p>Los periodistas, para \u00e9l hombres de comprensi\u00f3n, ten\u00edan una enorme responsabilidad en la tarea de educar. Adem\u00e1s de desarrollar la funci\u00f3n social que le era propia, ve\u00eda su profesi\u00f3n como un complemento ideal para orientar el pensamiento y crear opini\u00f3n. Consciente de ello, se vali\u00f3 de este resorte para influir, como har\u00edan muchos escritores del 98 y la mayor\u00eda de los componentes de esta Generaci\u00f3n del 14.<\/p>\n<p>El periodismo era para \u00e9l un trabajo digno, respetable y comprometido. Defendi\u00f3 su oficio en muchos de sus escritos, sali\u00f3 en defensa del periodista honrado y sufrido, competente y modesto. Sent\u00eda pasi\u00f3n por su oficio cuando nos habl\u00f3 del \u201cvirus embriagador del periodismo\u201d. Entend\u00eda que su finalidad era ser \u00fatil, aunque tambi\u00e9n distraer, incluso divertir, aplicando la doctrina de ense\u00f1ar y deleitar de Horacio (\u201cprodesse et delectare\u201d).<\/p>\n<p>Respond\u00eda a la perfecci\u00f3n al prototipo de hombre culto de su generaci\u00f3n que sinti\u00f3 la necesidad de comprometerse pol\u00edticamente. Ortega dijo que la pol\u00edtica era una obra de voluntad y que no era suficiente con tener ideas, sino que era preciso materializarlas. Por eso los intelectuales se hicieron pol\u00edticos. De ah\u00ed que defienda tan fervientemente cu\u00e1nto de ese esp\u00edritu generacional hab\u00eda en Jos\u00e9 Ponce.<\/p>\n<p>Con el final de la guerra y su encarcelamiento vio fracasados todos los intentos personales y colectivos de construir una sociedad justa e igualitaria. Pero a\u00fan entonces, como nos muestran las postales, sigui\u00f3 confiando en s\u00ed mismo y en la honradez de las personas, en la bondad del ser humano.<\/p>\n<p>Pensaba que los vencedores de la guerra iban a creer en su inocencia y quiz\u00e1 esa postura le hizo confiar y por eso se qued\u00f3 en Espa\u00f1a tras su salida del <em>Ingenio<\/em>. En Madrid se uni\u00f3 a un grupo de resistencia y de ayuda a presos pol\u00edticos que sufr\u00edan como \u00e9l lo hab\u00eda hecho durante todo un a\u00f1o.<\/p>\n<p>Segu\u00eda creyendo, sent\u00eda necesidad de creer hasta el final, de subvertir la derrota, de no rendirse. De alguna manera se inmol\u00f3 para seguir siendo fiel a la esperanza en la que vivieron muchos exiliados interiores y exteriores.<\/p>\n<p>Marcharse y empezar otra nueva vida. Quedarse y resistir. Lo \u00fanico que sabemos es que muri\u00f3 en la m\u00e1s absoluta soledad despu\u00e9s de varios d\u00edas de agon\u00eda tras su \u00faltimo encarcelamiento. \u00c9l y su generaci\u00f3n sufrieron el fracaso de un proyecto para Espa\u00f1a.<\/p>\n<p>Quiero recordar un art\u00edculo que escribi\u00f3 el 12 de febrero de 1932 en <em>Diario de Huelva<\/em>. Elev\u00f3 a la m\u00e1xima categor\u00eda de lo humano a sus compa\u00f1eros del Partido Federal, algunos de ellos amigos \u00edntimos, como Sim\u00f3n Vidosa o Galo V\u00e1zquez.<\/p>\n<p>Dec\u00eda que todos representaban en su vida virtudes como la lealtad, la sencillez, el trabajo, la consecuencia, la inteligencia afilada en el mismo esfuerzo diario y la continuidad en la obra. Expresaba que si la civilizaci\u00f3n se sosten\u00eda era gracias a muchos millones de hombres como esos, que viv\u00edan y mor\u00edan en silencio alimentando con su esfuerzo constante el vivir de los otros, gente que no hab\u00eda encontrado un <em>Plutarco<\/em> que encuadrara sus vidas y termin\u00f3 diciendo que \u201cNo toda la gloria de la vida est\u00e1 en las cumbres, hay tambi\u00e9n muchas en el arranque de la monta\u00f1a\u201d.<\/p>\n<p>Jos\u00e9 Ponce Bernal fue uno de esos miles de hombres que vivieron alimentando el vivir de los otros. Su obra period\u00edstica y su acci\u00f3n pol\u00edtica merecen respeto y reconocimiento, difusi\u00f3n, an\u00e1lisis, cr\u00edtica, debate.<\/p>\n<p>&nbsp;<\/p>\n<p>[\/et_pb_text][\/et_pb_column][\/et_pb_row][et_pb_row _builder_version=\u00bb4.9.2&#8243; _module_preset=\u00bbdefault\u00bb min_height=\u00bb182px\u00bb][et_pb_column type=\u00bb4_4&#8243; _builder_version=\u00bb4.9.2&#8243; _module_preset=\u00bbdefault\u00bb][et_pb_cta title=\u00bbNING\u00daN PUEBLO SER\u00c1 GRANDE SI NO COMPARTE EL PODER EL ORO CON EL PODER DE LA INTELIGENCIA\u00bb button_text=\u00bbClics\u00bb _builder_version=\u00bb4.9.2&#8243; _module_preset=\u00bbdefault\u00bb header_level=\u00bbh1&#8243; header_font=\u00bbBarlow Condensed|700||on|||||\u00bb header_text_color=\u00bb#000000&#8243; header_font_size=\u00bb60px\u00bb body_font=\u00bbBarlow Condensed|300|||||||\u00bb body_text_color=\u00bb#000000&#8243; body_font_size=\u00bb43px\u00bb body_letter_spacing=\u00bb1px\u00bb body_line_height=\u00bb1.3em\u00bb background_enable_color=\u00bboff\u00bb use_background_color=\u00bboff\u00bb text_orientation=\u00bbleft\u00bb custom_padding=\u00bb||0px|||\u00bb header_text_color_tablet=\u00bb\u00bb header_text_color_phone=\u00bb\u00bb header_text_color_last_edited=\u00bbon|tablet\u00bb header_font_size_tablet=\u00bb50px\u00bb header_font_size_phone=\u00bb\u00bb header_font_size_last_edited=\u00bbon|phone\u00bb]<\/p>\n<p><em>Diario de Huelva,<\/em>\u00a002-10-1927<\/p>\n<p>[\/et_pb_cta][\/et_pb_column][\/et_pb_row][\/et_pb_section]<\/p>\n","protected":false},"excerpt":{"rendered":"<p>[et_pb_section fb_built=\u00bb1&#8243; _builder_version=\u00bb4.9.2&#8243; _module_preset=\u00bbdefault\u00bb module_alignment=\u00bbcenter\u00bb custom_padding=\u00bb|||0px||\u00bb][et_pb_row disabled_on=\u00bbon|on|off\u00bb _builder_version=\u00bb4.9.2&#8243; _module_preset=\u00bbdefault\u00bb animation_style=\u00bbfade\u00bb][et_pb_column type=\u00bb4_4&#8243; _builder_version=\u00bb4.9.2&#8243; _module_preset=\u00bbdefault\u00bb][et_pb_menu menu_id=\u00bb33&#8243; menu_style=\u00bbcentered\u00bb dropdown_menu_text_color=\u00bb#EDF000&#8243; disabled_on=\u00bbon|on|off\u00bb _builder_version=\u00bb4.9.2&#8243; _module_preset=\u00bbdefault\u00bb menu_font=\u00bbBarlow Condensed|700|||||||\u00bb menu_font_size=\u00bb21px\u00bb background_color=\u00bb#FFFFFF\u00bb position_origin_f=\u00bbtop_center\u00bb z_index=\u00bb0&#8243;][\/et_pb_menu][\/et_pb_column][\/et_pb_row][et_pb_row _builder_version=\u00bb4.9.2&#8243; _module_preset=\u00bbdefault\u00bb][et_pb_column type=\u00bb4_4&#8243; _builder_version=\u00bb4.9.2&#8243; _module_preset=\u00bbdefault\u00bb][et_pb_divider color=\u00bb#000000&#8243; divider_weight=\u00bb8px\u00bb _builder_version=\u00bb4.9.2&#8243; _module_preset=\u00bbdefault\u00bb width=\u00bb51%\u00bb max_width=\u00bb22%\u00bb custom_margin=\u00bb||5px|||\u00bb custom_padding=\u00bb||26px|||\u00bb global_module=\u00bb211&#8243;][\/et_pb_divider][et_pb_cta title=\u00bbEL HOMBRE DE ACCI\u00d3N\u00bb _builder_version=\u00bb4.9.2&#8243; _module_preset=\u00bbdefault\u00bb header_level=\u00bbh1&#8243; header_font=\u00bbBarlow Condensed|700|||||||\u00bb header_text_color=\u00bb#000000&#8243; header_font_size=\u00bb60px\u00bb body_font=\u00bbBarlow Condensed|300|||||||\u00bb body_text_color=\u00bb#000000&#8243; body_font_size=\u00bb43px\u00bb body_letter_spacing=\u00bb1px\u00bb [&hellip;]<\/p>\n","protected":false},"author":1,"featured_media":0,"parent":0,"menu_order":0,"comment_status":"closed","ping_status":"closed","template":"","meta":{"_et_pb_use_builder":"on","_et_pb_old_content":"","_et_gb_content_width":""},"_links":{"self":[{"href":"https:\/\/poncebernal.es\/index.php?rest_route=\/wp\/v2\/pages\/901"}],"collection":[{"href":"https:\/\/poncebernal.es\/index.php?rest_route=\/wp\/v2\/pages"}],"about":[{"href":"https:\/\/poncebernal.es\/index.php?rest_route=\/wp\/v2\/types\/page"}],"author":[{"embeddable":true,"href":"https:\/\/poncebernal.es\/index.php?rest_route=\/wp\/v2\/users\/1"}],"replies":[{"embeddable":true,"href":"https:\/\/poncebernal.es\/index.php?rest_route=%2Fwp%2Fv2%2Fcomments&post=901"}],"version-history":[{"count":11,"href":"https:\/\/poncebernal.es\/index.php?rest_route=\/wp\/v2\/pages\/901\/revisions"}],"predecessor-version":[{"id":1563,"href":"https:\/\/poncebernal.es\/index.php?rest_route=\/wp\/v2\/pages\/901\/revisions\/1563"}],"wp:attachment":[{"href":"https:\/\/poncebernal.es\/index.php?rest_route=%2Fwp%2Fv2%2Fmedia&parent=901"}],"curies":[{"name":"wp","href":"https:\/\/api.w.org\/{rel}","templated":true}]}}