{"id":2,"date":"2021-04-23T14:47:16","date_gmt":"2021-04-23T14:47:16","guid":{"rendered":"http:\/\/poncebernal.es\/?page_id=2"},"modified":"2021-05-30T08:49:02","modified_gmt":"2021-05-30T08:49:02","slug":"pagina-ejemplo","status":"publish","type":"page","link":"https:\/\/poncebernal.es\/","title":{"rendered":"HOLA"},"content":{"rendered":"<p>[et_pb_section fb_built=\u00bb1&#8243; fullwidth=\u00bbon\u00bb _builder_version=\u00bb4.9.2&#8243; _module_preset=\u00bbdefault\u00bb][et_pb_fullwidth_slider _builder_version=\u00bb4.9.2&#8243; _module_preset=\u00bbdefault\u00bb custom_button=\u00bbon\u00bb button_font=\u00bbBarlow Condensed||||||||\u00bb button_icon=\u00bb%%28%%\u00bb custom_margin=\u00bb||27px|||\u00bb custom_padding=\u00bb218px||151px|||\u00bb global_module=\u00bb54&#8243; saved_tabs=\u00bball\u00bb][et_pb_slide heading=\u00bbPERIODISTA\u00bb button_text=\u00bbVer\u00bb button_link=\u00bbhttps:\/\/poncebernal.es\/?cat=13&#8243; use_bg_overlay=\u00bboff\u00bb _builder_version=\u00bb4.9.2&#8243; _module_preset=\u00bbdefault\u00bb header_font=\u00bbBarlow Condensed|700||||on|||\u00bb header_font_size=\u00bb1536%\u00bb header_letter_spacing=\u00bb4px\u00bb body_font=\u00bbBarlow Condensed||||||||\u00bb body_font_size=\u00bb20px\u00bb background_color=\u00bbrgba(40,41,62,0.81)\u00bb background_image=\u00bbhttp:\/\/poncebernal.es\/wp-content\/uploads\/2021\/04\/17.-RETRATO-JOSE-PONCE.FEBRERO-931.jpg\u00bb background_enable_image=\u00bbon\u00bb background_blend=\u00bboverlay\u00bb header_font_size_tablet=\u00bb826%\u00bb header_font_size_phone=\u00bb366%\u00bb header_font_size_last_edited=\u00bbon|phone\u00bb sticky_transition=\u00bbon\u00bb]<\/p>\n<p>La pluma, \u00fanico instrumento capaz de cambiar el estado de las cosas<\/p>\n<p>[\/et_pb_slide][et_pb_slide heading=\u00bbHOMBRE DE ACCI\u00d3N\u00bb button_text=\u00bbVer\u00bb button_link=\u00bbhttps:\/\/poncebernal.es\/?cat=13&#8243; use_bg_overlay=\u00bboff\u00bb _builder_version=\u00bb4.9.2&#8243; _module_preset=\u00bbdefault\u00bb header_font=\u00bbBarlow Condensed|700||||on|||\u00bb header_font_size=\u00bb1536%\u00bb header_letter_spacing=\u00bb4px\u00bb body_font=\u00bbBarlow Condensed||||||||\u00bb body_font_size=\u00bb20px\u00bb background_color=\u00bbrgba(40,41,62,0.81)\u00bb background_image=\u00bbhttp:\/\/poncebernal.es\/wp-content\/uploads\/2021\/05\/3.-APH.-Damas.-julio-de-1933.jpg\u00bb background_enable_image=\u00bbon\u00bb background_blend=\u00bboverlay\u00bb header_font_size_tablet=\u00bb826%\u00bb header_font_size_phone=\u00bb366%\u00bb header_font_size_last_edited=\u00bbon|phone\u00bb sticky_transition=\u00bbon\u00bb][\/et_pb_slide][et_pb_slide heading=\u00bbPOL\u00cdTICO\u00bb button_text=\u00bbVer\u00bb use_bg_overlay=\u00bboff\u00bb _builder_version=\u00bb4.9.2&#8243; _module_preset=\u00bbdefault\u00bb header_font=\u00bbBarlow Condensed|700||||on|||\u00bb header_font_size=\u00bb1536%\u00bb header_letter_spacing=\u00bb4px\u00bb body_font=\u00bbBarlow Condensed||||||||\u00bb body_font_size=\u00bb20px\u00bb background_color=\u00bbrgba(40,41,62,0.81)\u00bb background_image=\u00bbhttp:\/\/poncebernal.es\/wp-content\/uploads\/2021\/04\/9.-PONCE-DEDICADO-A-MARIA-BUENO.-2-02-926.jpg\u00bb background_enable_image=\u00bbon\u00bb background_position=\u00bbtop_right\u00bb background_blend=\u00bboverlay\u00bb link_option_url=\u00bbhttps:\/\/poncebernal.es\/?page_id=90&#8243; header_font_size_tablet=\u00bb826%\u00bb header_font_size_phone=\u00bb366%\u00bb header_font_size_last_edited=\u00bbon|phone\u00bb sticky_transition=\u00bbon\u00bb]<\/p>\n<p>\u00abHay que dignificar el ambiente pol\u00edtico en Huelva\u201d<\/p>\n<p>[\/et_pb_slide][\/et_pb_fullwidth_slider][\/et_pb_section][et_pb_section fb_built=\u00bb1&#8243; _builder_version=\u00bb4.9.2&#8243; _module_preset=\u00bbdefault\u00bb][et_pb_row column_structure=\u00bb1_4,1_4,1_4,1_4&#8243; _builder_version=\u00bb4.9.2&#8243; _module_preset=\u00bbdefault\u00bb width=\u00bb100%\u00bb max_width=\u00bb90%\u00bb custom_padding=\u00bb30px|||||\u00bb][et_pb_column type=\u00bb1_4&#8243; _builder_version=\u00bb4.9.2&#8243; _module_preset=\u00bbdefault\u00bb][et_pb_divider color=\u00bb#000000&#8243; divider_weight=\u00bb8px\u00bb _builder_version=\u00bb4.9.2&#8243; _module_preset=\u00bbdefault\u00bb width=\u00bb51%\u00bb max_width=\u00bb22%\u00bb custom_margin=\u00bb||5px|||\u00bb custom_padding=\u00bb||26px|||\u00bb global_module=\u00bb211&#8243; saved_tabs=\u00bball\u00bb][\/et_pb_divider][et_pb_cta title=\u00bbDIFUSI\u00d3N\u00bb button_text=\u00bbClics\u00bb _builder_version=\u00bb4.9.2&#8243; _module_preset=\u00bbdefault\u00bb header_level=\u00bbh1&#8243; header_font=\u00bbBarlow Condensed|700|||||||\u00bb header_text_color=\u00bb#000000&#8243; header_font_size=\u00bb60px\u00bb body_font=\u00bbBarlow Condensed|300||on|||||\u00bb body_text_color=\u00bb#000000&#8243; body_font_size=\u00bb43px\u00bb body_letter_spacing=\u00bb1px\u00bb body_line_height=\u00bb1.3em\u00bb background_enable_color=\u00bboff\u00bb use_background_color=\u00bboff\u00bb text_orientation=\u00bbleft\u00bb header_text_color_tablet=\u00bb\u00bb header_text_color_phone=\u00bb\u00bb header_text_color_last_edited=\u00bbon|tablet\u00bb header_font_size_tablet=\u00bb50px\u00bb header_font_size_phone=\u00bb\u00bb header_font_size_last_edited=\u00bbon|phone\u00bb global_module=\u00bb210&#8243;]<\/p>\n<p>Enlaces para quien tenga curiosidad<\/p>\n<p>[\/et_pb_cta][\/et_pb_column][et_pb_column type=\u00bb1_4&#8243; _builder_version=\u00bb4.9.2&#8243; _module_preset=\u00bbdefault\u00bb][et_pb_button button_url=\u00bbhttps:\/\/poncebernal.es\/?cat=13&#8243; button_text=\u00bbPERIODISTA\u00bb _builder_version=\u00bb4.9.2&#8243; _module_preset=\u00bbdefault\u00bb custom_button=\u00bbon\u00bb button_text_size=\u00bb50px\u00bb button_bg_color=\u00bb#4054b2&#8243; button_bg_image=\u00bbhttp:\/\/poncebernal.es\/wp-content\/uploads\/2021\/04\/9.-PONCE-DEDICADO-A-MARIA-BUENO.-2-02-926.jpg\u00bb button_bg_blend=\u00bbmultiply\u00bb button_letter_spacing=\u00bb3px\u00bb button_font=\u00bbBarlow Condensed||||||||\u00bb background_layout=\u00bbdark\u00bb custom_margin=\u00bb5px|4px||||\u00bb custom_padding=\u00bb365px|95px|85px||false|false\u00bb filter_saturate=\u00bb82%\u00bb animation_style=\u00bbfade\u00bb box_shadow_style=\u00bbpreset2&#8243;][\/et_pb_button][\/et_pb_column][et_pb_column type=\u00bb1_4&#8243; _builder_version=\u00bb4.9.2&#8243; _module_preset=\u00bbdefault\u00bb][et_pb_button button_url=\u00bbhttps:\/\/poncebernal.es\/?page_id=90&#8243; button_text=\u00bbPOL\u00cdTICO\u00bb _builder_version=\u00bb4.9.2&#8243; _module_preset=\u00bbdefault\u00bb custom_button=\u00bbon\u00bb button_text_size=\u00bb50px\u00bb button_bg_color=\u00bb#4054b2&#8243; button_bg_image=\u00bbhttp:\/\/poncebernal.es\/wp-content\/uploads\/2021\/04\/3.-mitin.-agosto-1932.-Ponce.jpg\u00bb button_bg_blend=\u00bbmultiply\u00bb button_letter_spacing=\u00bb3px\u00bb button_font=\u00bbBarlow Condensed||||||||\u00bb background_layout=\u00bbdark\u00bb custom_margin=\u00bb5px|4px||||\u00bb custom_padding=\u00bb365px|132px|85px||false|false\u00bb filter_saturate=\u00bb82%\u00bb animation_style=\u00bbfade\u00bb box_shadow_style=\u00bbpreset2&#8243;][\/et_pb_button][\/et_pb_column][et_pb_column type=\u00bb1_4&#8243; _builder_version=\u00bb4.9.2&#8243; _module_preset=\u00bbdefault\u00bb][et_pb_button button_url=\u00bbhttps:\/\/poncebernal.es\/?page_id=901&#8243; button_text=\u00bbHOMBRE DE ACCI\u00d3N\u00bb _builder_version=\u00bb4.9.2&#8243; _module_preset=\u00bbdefault\u00bb custom_button=\u00bbon\u00bb button_text_size=\u00bb50px\u00bb button_bg_color=\u00bb#4054b2&#8243; button_bg_image=\u00bbhttp:\/\/poncebernal.es\/wp-content\/uploads\/2021\/04\/9.-PRISION-HUELVA.-ENFERMERIA-SENTADOS.-mas-nitida-aunque-menos-calidad.jpg\u00bb button_bg_blend=\u00bbmultiply\u00bb button_letter_spacing=\u00bb3px\u00bb button_font=\u00bbBarlow Condensed||||||||\u00bb background_layout=\u00bbdark\u00bb custom_margin=\u00bb5px|4px||||\u00bb custom_padding=\u00bb365px|56px|85px||false|false\u00bb filter_saturate=\u00bb82%\u00bb animation_style=\u00bbfade\u00bb box_shadow_style=\u00bbpreset2&#8243;][\/et_pb_button][\/et_pb_column][\/et_pb_row][\/et_pb_section][et_pb_section fb_built=\u00bb1&#8243; _builder_version=\u00bb4.9.2&#8243; _module_preset=\u00bbdefault\u00bb][et_pb_row _builder_version=\u00bb4.9.2&#8243; _module_preset=\u00bbdefault\u00bb][et_pb_column type=\u00bb4_4&#8243; _builder_version=\u00bb4.9.2&#8243; _module_preset=\u00bbdefault\u00bb][et_pb_divider color=\u00bb#000000&#8243; divider_weight=\u00bb8px\u00bb _builder_version=\u00bb4.9.2&#8243; _module_preset=\u00bbdefault\u00bb max_width=\u00bb16%\u00bb module_alignment=\u00bbcenter\u00bb][\/et_pb_divider][et_pb_cta title=\u00bbCONTRA EL CACIQUISMO\u00bb button_text=\u00bbVER\u00bb _builder_version=\u00bb4.9.2&#8243; _module_preset=\u00bbdefault\u00bb header_font=\u00bbBarlow Condensed|700|||||||\u00bb header_text_color=\u00bb#000000&#8243; header_font_size=\u00bb61px\u00bb body_font=\u00bbBarlow Condensed|100|||||||\u00bb body_text_color=\u00bb#000000&#8243; body_font_size=\u00bb40px\u00bb body_line_height=\u00bb1.8em\u00bb use_background_color=\u00bboff\u00bb]<\/p>\n<p>Hay que dignificar el ambiente pol\u00edtico en Huelva<\/p>\n<p>[\/et_pb_cta][\/et_pb_column][\/et_pb_row][\/et_pb_section][et_pb_section fb_built=\u00bb1&#8243; _builder_version=\u00bb4.9.2&#8243; _module_preset=\u00bbdefault\u00bb][et_pb_row column_structure=\u00bb1_2,1_2&#8243; use_custom_gutter=\u00bbon\u00bb gutter_width=\u00bb2&#8243; make_equal=\u00bbon\u00bb _builder_version=\u00bb4.9.2&#8243; _module_preset=\u00bbdefault\u00bb width=\u00bb100%\u00bb max_width=\u00bb90%\u00bb min_height=\u00bb20%\u00bb height=\u00bb40%\u00bb max_height=\u00bb20%\u00bb custom_margin=\u00bb0px||||false|false\u00bb custom_padding=\u00bb0px||27px||false|false\u00bb global_module=\u00bb214&#8243; saved_tabs=\u00bball\u00bb][et_pb_column type=\u00bb1_2&#8243; _builder_version=\u00bb4.9.2&#8243; _module_preset=\u00bbdefault\u00bb custom_padding=\u00bb0px||||false|false\u00bb][et_pb_cta title=\u00bbCOMPROMISO\u00a0\u00bb button_text=\u00bbClics\u00bb _builder_version=\u00bb4.9.2&#8243; _module_preset=\u00bbdefault\u00bb header_font=\u00bbBarlow Condensed|700||on|||||\u00bb header_text_color=\u00bb#000000&#8243; body_font=\u00bbBarlow Condensed|100|||||||\u00bb body_text_color=\u00bb#000000&#8243; body_font_size=\u00bb24px\u00bb body_letter_spacing=\u00bb1px\u00bb body_line_height=\u00bb1.3em\u00bb background_color=\u00bb#eff1f9&#8243; min_height=\u00bb100%\u00bb height=\u00bb100%\u00bb max_height=\u00bb100%\u00bb custom_margin=\u00bb0px||||false|false\u00bb custom_padding=\u00bb10%||10%||false|false\u00bb]<\/p>\n<p>La decadencia del sistema pol\u00edtico y la necesidad vital de<br \/>encontrar nuevos horizontes que supusieran un cambio radical en la sociedad espa\u00f1ola se reflejaron en su vida profesional y personal<\/p>\n<p>[\/et_pb_cta][\/et_pb_column][et_pb_column type=\u00bb1_2&#8243; _builder_version=\u00bb4.9.2&#8243; _module_preset=\u00bbdefault\u00bb][et_pb_slider use_bg_overlay=\u00bboff\u00bb use_text_overlay=\u00bboff\u00bb _builder_version=\u00bb4.9.2&#8243; _module_preset=\u00bbdefault\u00bb header_font=\u00bbBarlow Condensed|700||on|||||\u00bb body_font=\u00bbBarlow Condensed|100|||||||\u00bb body_font_size=\u00bb24px\u00bb body_letter_spacing=\u00bb1px\u00bb custom_margin=\u00bb0px||||false|false\u00bb link_option_url=\u00bbhttps:\/\/www.poncebernal.es\/archivos\/diariodehuelva.pdf\u00bb][et_pb_slide button_text=\u00bbVer\u00bb button_link=\u00bbhttps:\/\/www.poncebernal.es\/archivos\/diariodehuelva.pdf\u00bb url_new_window=\u00bbon\u00bb use_bg_overlay=\u00bboff\u00bb use_text_overlay=\u00bboff\u00bb _builder_version=\u00bb4.9.2&#8243; _module_preset=\u00bbdefault\u00bb background_image=\u00bbhttp:\/\/poncebernal.es\/wp-content\/uploads\/2021\/04\/IMG_0014.jpg\u00bb background_enable_image=\u00bbon\u00bb text_orientation=\u00bbleft\u00bb sticky_transition=\u00bbon\u00bb]<\/p>\n<p>La ense\u00f1anza modela el esp\u00edritu y afianza la cultura<\/p>\n<p><em>Diario de Huelva<\/em>, 02-10-1928<\/p>\n<p>&nbsp;<\/p>\n<p>[\/et_pb_slide][\/et_pb_slider][\/et_pb_column][\/et_pb_row][et_pb_row column_structure=\u00bb1_2,1_2&#8243; use_custom_gutter=\u00bbon\u00bb gutter_width=\u00bb2&#8243; make_equal=\u00bbon\u00bb _builder_version=\u00bb4.9.2&#8243; _module_preset=\u00bbdefault\u00bb width=\u00bb100%\u00bb max_width=\u00bb90%\u00bb min_height=\u00bb20%\u00bb height=\u00bb40%\u00bb max_height=\u00bb20%\u00bb custom_margin=\u00bb31px|auto||auto|false|false\u00bb custom_padding=\u00bb0px||||false|false\u00bb][et_pb_column type=\u00bb1_2&#8243; _builder_version=\u00bb4.9.2&#8243; _module_preset=\u00bbdefault\u00bb custom_padding=\u00bb0px||||false|false\u00bb][et_pb_slider show_arrows=\u00bboff\u00bb show_pagination=\u00bboff\u00bb use_bg_overlay=\u00bboff\u00bb use_text_overlay=\u00bboff\u00bb _builder_version=\u00bb4.9.2&#8243; _module_preset=\u00bbdefault\u00bb header_font=\u00bbBarlow Condensed|700||on|||||\u00bb body_font=\u00bbBarlow Condensed|100|||||||\u00bb body_font_size=\u00bb24px\u00bb body_letter_spacing=\u00bb1px\u00bb custom_margin=\u00bb0px||||false|false\u00bb link_option_url=\u00bbhttps:\/\/poncebernal.es\/?cat=26&#8243;][et_pb_slide heading=\u00bbFELICIDAD MENDOZA PONCE\u00bb button_text=\u00bbVer\u00bb button_link=\u00bbhttps:\/\/poncebernal.es\/?cat=26&#8243; use_bg_overlay=\u00bboff\u00bb use_text_overlay=\u00bboff\u00bb _builder_version=\u00bb4.9.2&#8243; _module_preset=\u00bbdefault\u00bb body_font=\u00bbBarlow Condensed|300|||||||\u00bb background_image=\u00bbhttp:\/\/poncebernal.es\/wp-content\/uploads\/2021\/04\/24.-Agosto-de-1935.-Ponce-con-su-hija-Felicidad-y-los-mellizos-Paco-y-Cristobal.jpg\u00bb background_enable_image=\u00bbon\u00bb text_orientation=\u00bbleft\u00bb sticky_transition=\u00bbon\u00bb]<\/p>\n<p>He dedicado buena parte de mi vida a rescatar la obra y a recomponer la trayectoria del que fuera mi abuelo materno, Jos\u00e9 Ponce Bernal<\/p>\n<p>[\/et_pb_slide][\/et_pb_slider][\/et_pb_column][et_pb_column type=\u00bb1_2&#8243; _builder_version=\u00bb4.9.2&#8243; _module_preset=\u00bbdefault\u00bb][et_pb_cta title=\u00bb hombre inquieto, curioso, inteligente&#8230;\u00bb button_text=\u00bbClics\u00bb _builder_version=\u00bb4.9.2&#8243; _module_preset=\u00bbdefault\u00bb header_font=\u00bbBarlow Condensed|700||on|||||\u00bb header_text_color=\u00bb#000000&#8243; body_font=\u00bbBarlow Condensed|100|||||||\u00bb body_text_color=\u00bb#000000&#8243; body_font_size=\u00bb24px\u00bb body_letter_spacing=\u00bb1px\u00bb body_line_height=\u00bb1.3em\u00bb background_color=\u00bb#eff1f9&#8243; min_height=\u00bb100%\u00bb height=\u00bb100%\u00bb max_height=\u00bb100%\u00bb custom_margin=\u00bb0px||||false|false\u00bb custom_padding=\u00bb10%||10%||false|false\u00bb]<\/p>\n<p>Jos\u00e9 Ponce Bernal fue un periodista espa\u00f1ol que vivi\u00f3 en el primer tercio del siglo XX. Natural de Huelva, desarroll\u00f3 all\u00ed la mayor parte de su carrera. Logr\u00f3 erigirse en l\u00edder destacado de la sociedad en los \u00e1mbitos period\u00edstico, sindical y pol\u00edtico<\/p>\n<p>[\/et_pb_cta][\/et_pb_column][\/et_pb_row][et_pb_row _builder_version=\u00bb4.9.2&#8243; _module_preset=\u00bbdefault\u00bb custom_padding=\u00bb72px|||||\u00bb][et_pb_column type=\u00bb4_4&#8243; _builder_version=\u00bb4.9.2&#8243; _module_preset=\u00bbdefault\u00bb][et_pb_divider color=\u00bb#000000&#8243; divider_weight=\u00bb8px\u00bb _builder_version=\u00bb4.9.2&#8243; _module_preset=\u00bbdefault\u00bb max_width=\u00bb16%\u00bb module_alignment=\u00bbcenter\u00bb][\/et_pb_divider][et_pb_cta title=\u00bbLA REP\u00daBLICA\u00bb button_text=\u00bbVER\u00bb _builder_version=\u00bb4.9.2&#8243; _module_preset=\u00bbdefault\u00bb header_font=\u00bbBarlow Condensed|700|||||||\u00bb header_text_color=\u00bb#000000&#8243; header_font_size=\u00bb61px\u00bb body_font=\u00bbBarlow Condensed|100|||||||\u00bb body_text_color=\u00bb#000000&#8243; body_font_size=\u00bb40px\u00bb body_line_height=\u00bb1.8em\u00bb use_background_color=\u00bboff\u00bb]<\/p>\n<p>\u00a0Una matrona simp\u00e1tica de viril porte que hac\u00eda su aparici\u00f3n en las grandes crisis de la historia para elevar a los pueblos al imperio de la justicia<\/p>\n<p><em>Diario de Huelva<\/em>, 14 de abril 1931\u00a0<\/p>\n<p>[\/et_pb_cta][\/et_pb_column][\/et_pb_row][\/et_pb_section][et_pb_section fb_built=\u00bb1&#8243; _builder_version=\u00bb4.9.2&#8243; _module_preset=\u00bbdefault\u00bb][et_pb_row column_structure=\u00bb1_3,1_3,1_3&#8243; use_custom_gutter=\u00bbon\u00bb _builder_version=\u00bb4.9.2&#8243; _module_preset=\u00bbdefault\u00bb width=\u00bb90%\u00bb max_width=\u00bb90%\u00bb][et_pb_column type=\u00bb1_3&#8243; _builder_version=\u00bb4.9.2&#8243; _module_preset=\u00bbdefault\u00bb][et_pb_blurb title=\u00bbPRISI\u00d3N DE HUELVA\u00bb image=\u00bbhttp:\/\/poncebernal.es\/wp-content\/uploads\/2021\/05\/9.-PRISION-HUELVA.-ENFERMERIA-SENTADOS.-mas-nitida-aunque-menos-calidad.jpg\u00bb _builder_version=\u00bb4.9.2&#8243; _module_preset=\u00bbdefault\u00bb header_font=\u00bbBarlow Condensed|700||on|||||\u00bb header_text_color=\u00bb#000000&#8243; header_font_size=\u00bb24px\u00bb body_font=\u00bbBarlow Condensed|300|||||||\u00bb body_font_size=\u00bb22px\u00bb body_line_height=\u00bb1.6em\u00bb text_orientation=\u00bbcenter\u00bb]<\/p>\n<p>Ponce Bernal con Crescenciano Bilbao y otros en la c\u00e1rcel de Huelva. Enero de 1935<\/p>\n<p>[\/et_pb_blurb][\/et_pb_column][et_pb_column type=\u00bb1_3&#8243; _builder_version=\u00bb4.9.2&#8243; _module_preset=\u00bbdefault\u00bb][et_pb_blurb title=\u00bbMITIN de la alianza\u00bb image=\u00bbhttp:\/\/poncebernal.es\/wp-content\/uploads\/2021\/04\/3.-mitin.-agosto-1932.-Ponce-1.jpg\u00bb _builder_version=\u00bb4.9.2&#8243; _module_preset=\u00bbdefault\u00bb header_font=\u00bbBarlow Condensed|700||on|||||\u00bb header_text_color=\u00bb#000000&#8243; header_font_size=\u00bb24px\u00bb body_font=\u00bbBarlow Condensed|300|||||||\u00bb body_font_size=\u00bb22px\u00bb body_line_height=\u00bb1.6em\u00bb text_orientation=\u00bbcenter\u00bb custom_padding=\u00bb|6px||||\u00bb]<\/p>\n<p>Mitin de las Alianzas de Izquierdas celebrado en la Plaza de Toros de Huelva. 28 de agosto de 1932<\/p>\n<p>[\/et_pb_blurb][\/et_pb_column][et_pb_column type=\u00bb1_3&#8243; _builder_version=\u00bb4.9.2&#8243; _module_preset=\u00bbdefault\u00bb][et_pb_blurb title=\u00bbSombrerer\u00eda Vidosa\u00bb image=\u00bbhttp:\/\/poncebernal.es\/wp-content\/uploads\/2021\/05\/foto-sombrereria-Vidosa.jpg\u00bb _builder_version=\u00bb4.9.2&#8243; _module_preset=\u00bbdefault\u00bb header_font=\u00bbBarlow Condensed|700||on|||||\u00bb header_text_color=\u00bb#000000&#8243; header_font_size=\u00bb24px\u00bb body_font=\u00bbBarlow Condensed|300|||||||\u00bb body_font_size=\u00bb22px\u00bb body_line_height=\u00bb1.6em\u00bb text_orientation=\u00bbcenter\u00bb]<\/p>\n<p>Ponce, Cordero Bel y otros en una reuni\u00f3n pol\u00edtica en la sombrerer\u00eda de Vidosa. Huelva, 1931<\/p>\n<p>[\/et_pb_blurb][\/et_pb_column][\/et_pb_row][\/et_pb_section]<\/p>\n","protected":false},"excerpt":{"rendered":"<p>[et_pb_section fb_built=\u00bb1&#8243; fullwidth=\u00bbon\u00bb _builder_version=\u00bb4.9.2&#8243; _module_preset=\u00bbdefault\u00bb][et_pb_fullwidth_slider _builder_version=\u00bb4.9.2&#8243; _module_preset=\u00bbdefault\u00bb custom_button=\u00bbon\u00bb button_font=\u00bbBarlow Condensed||||||||\u00bb button_icon=\u00bb%%28%%\u00bb custom_margin=\u00bb||27px|||\u00bb custom_padding=\u00bb218px||151px|||\u00bb global_module=\u00bb54&#8243; saved_tabs=\u00bball\u00bb][et_pb_slide heading=\u00bbPERIODISTA\u00bb button_text=\u00bbVer\u00bb button_link=\u00bbhttps:\/\/poncebernal.es\/?cat=13&#8243; use_bg_overlay=\u00bboff\u00bb _builder_version=\u00bb4.9.2&#8243; _module_preset=\u00bbdefault\u00bb header_font=\u00bbBarlow Condensed|700||||on|||\u00bb header_font_size=\u00bb1536%\u00bb header_letter_spacing=\u00bb4px\u00bb body_font=\u00bbBarlow Condensed||||||||\u00bb body_font_size=\u00bb20px\u00bb background_color=\u00bbrgba(40,41,62,0.81)\u00bb background_image=\u00bbhttp:\/\/poncebernal.es\/wp-content\/uploads\/2021\/04\/17.-RETRATO-JOSE-PONCE.FEBRERO-931.jpg\u00bb background_enable_image=\u00bbon\u00bb background_blend=\u00bboverlay\u00bb header_font_size_tablet=\u00bb826%\u00bb header_font_size_phone=\u00bb366%\u00bb header_font_size_last_edited=\u00bbon|phone\u00bb sticky_transition=\u00bbon\u00bb] La pluma, \u00fanico instrumento capaz de cambiar el estado de las cosas [\/et_pb_slide][et_pb_slide heading=\u00bbHOMBRE DE ACCI\u00d3N\u00bb button_text=\u00bbVer\u00bb button_link=\u00bbhttps:\/\/poncebernal.es\/?cat=13&#8243; use_bg_overlay=\u00bboff\u00bb [&hellip;]<\/p>\n","protected":false},"author":1,"featured_media":0,"parent":0,"menu_order":0,"comment_status":"closed","ping_status":"open","template":"","meta":{"_et_pb_use_builder":"on","_et_pb_old_content":"<!-- wp:paragraph -->\n<p>Esta es una p\u00e1gina de ejemplo. Es diferente a una entrada del blog porque permanecer\u00e1 en un solo lugar y aparecer\u00e1 en la navegaci\u00f3n de tu sitio (en la mayor\u00eda de los temas). La mayor\u00eda de las personas comienzan con una p\u00e1gina \u00abAcerca de\u00bb que les presenta a los visitantes potenciales del sitio. Podr\u00edas decir algo as\u00ed:<\/p>\n<!-- \/wp:paragraph -->\n\n<!-- wp:quote -->\n<blockquote class=\"wp-block-quote\"><p>\u00a1Bienvenido! Soy camarero de d\u00eda, aspirante a actor de noche y esta es mi web. Vivo en Mairena del Alcor, tengo un perro que se llama Firulais y me gusta el rebujito. (Y las tardes largas con caf\u00e9).<\/p><\/blockquote>\n<!-- \/wp:quote -->\n\n<!-- wp:paragraph -->\n<p>\u2026o algo as\u00ed:<\/p>\n<!-- \/wp:paragraph -->\n\n<!-- wp:quote -->\n<blockquote class=\"wp-block-quote\"><p>La empresa \u00abMariscos Recio\u00bb fue fundada por Antonio Recio Mata. Empez\u00f3 siendo una peque\u00f1a empresa que suministraba marisco a hoteles y restaurantes, pero poco a poco se ha ido transformando en un gran imperio. Mariscos Recio, el mar al mejor precio.<\/p><\/blockquote>\n<!-- \/wp:quote -->\n\n<!-- wp:paragraph -->\n<p>Como nuevo usuario de WordPress, deber\u00edas ir a <a href=\"http:\/\/poncebernal.es\/wp-admin\/\">tu escritorio<\/a> para borrar esta p\u00e1gina y crear nuevas p\u00e1ginas para tu contenido. \u00a1P\u00e1salo bien!<\/p>\n<!-- \/wp:paragraph -->","_et_gb_content_width":""},"_links":{"self":[{"href":"https:\/\/poncebernal.es\/index.php?rest_route=\/wp\/v2\/pages\/2"}],"collection":[{"href":"https:\/\/poncebernal.es\/index.php?rest_route=\/wp\/v2\/pages"}],"about":[{"href":"https:\/\/poncebernal.es\/index.php?rest_route=\/wp\/v2\/types\/page"}],"author":[{"embeddable":true,"href":"https:\/\/poncebernal.es\/index.php?rest_route=\/wp\/v2\/users\/1"}],"replies":[{"embeddable":true,"href":"https:\/\/poncebernal.es\/index.php?rest_route=%2Fwp%2Fv2%2Fcomments&post=2"}],"version-history":[{"count":56,"href":"https:\/\/poncebernal.es\/index.php?rest_route=\/wp\/v2\/pages\/2\/revisions"}],"predecessor-version":[{"id":1549,"href":"https:\/\/poncebernal.es\/index.php?rest_route=\/wp\/v2\/pages\/2\/revisions\/1549"}],"wp:attachment":[{"href":"https:\/\/poncebernal.es\/index.php?rest_route=%2Fwp%2Fv2%2Fmedia&parent=2"}],"curies":[{"name":"wp","href":"https:\/\/api.w.org\/{rel}","templated":true}]}}