{"id":118,"date":"2021-04-24T08:34:52","date_gmt":"2021-04-24T08:34:52","guid":{"rendered":"http:\/\/poncebernal.es\/?page_id=118"},"modified":"2021-06-07T08:03:39","modified_gmt":"2021-06-07T08:03:39","slug":"breve-biografia","status":"publish","type":"page","link":"https:\/\/poncebernal.es\/?page_id=118","title":{"rendered":"BIOGRAF\u00cdA"},"content":{"rendered":"<p>[et_pb_section fb_built=\u00bb1&#8243; fullwidth=\u00bbon\u00bb _builder_version=\u00bb4.9.2&#8243; _module_preset=\u00bbdefault\u00bb background_enable_image=\u00bboff\u00bb custom_padding=\u00bb0px||0px|||\u00bb][et_pb_fullwidth_slider show_arrows=\u00bboff\u00bb show_pagination=\u00bboff\u00bb _builder_version=\u00bb4.9.2&#8243; _module_preset=\u00bbdefault\u00bb custom_button=\u00bbon\u00bb button_font=\u00bbBarlow Condensed||||||||\u00bb button_use_icon=\u00bboff\u00bb custom_margin=\u00bb||27px|||\u00bb custom_padding=\u00bb151px||151px|||\u00bb hover_enabled=\u00bb0&#8243; saved_tabs=\u00bball\u00bb sticky_enabled=\u00bb0&#8243;][et_pb_slide heading=\u00bbBIOGRAF\u00cdA\u00bb use_bg_overlay=\u00bboff\u00bb _builder_version=\u00bb4.9.2&#8243; _module_preset=\u00bbdefault\u00bb header_font=\u00bbBarlow Condensed|700||||on|||\u00bb header_font_size=\u00bb1536%\u00bb header_letter_spacing=\u00bb4px\u00bb body_font=\u00bbBarlow Condensed||||||||\u00bb body_font_size=\u00bb20px\u00bb background_color=\u00bbrgba(40,41,62,0.81)\u00bb background_image=\u00bbhttp:\/\/poncebernal.es\/wp-content\/uploads\/2021\/05\/1.-Jose-Ponce-Bernal.-Foto-de-Colegio.jpg\u00bb background_enable_image=\u00bbon\u00bb background_blend=\u00bboverlay\u00bb button_alignment=\u00bbcenter\u00bb header_font_size_tablet=\u00bb826%\u00bb header_font_size_phone=\u00bb366%\u00bb header_font_size_last_edited=\u00bbon|phone\u00bb sticky_transition=\u00bbon\u00bb]<\/p>\n<p>Mostr\u00f3 inquietud por la prensa desde muy temprana edad<\/p>\n<p>[\/et_pb_slide][\/et_pb_fullwidth_slider][\/et_pb_section][et_pb_section fb_built=\u00bb1&#8243; _builder_version=\u00bb4.9.2&#8243; _module_preset=\u00bbdefault\u00bb custom_padding=\u00bb114px|||||\u00bb][et_pb_row _builder_version=\u00bb4.9.2&#8243; _module_preset=\u00bbdefault\u00bb][et_pb_column type=\u00bb4_4&#8243; _builder_version=\u00bb4.9.2&#8243; _module_preset=\u00bbdefault\u00bb][et_pb_divider color=\u00bb#000000&#8243; divider_weight=\u00bb8px\u00bb _builder_version=\u00bb4.9.2&#8243; _module_preset=\u00bbdefault\u00bb width=\u00bb51%\u00bb max_width=\u00bb22%\u00bb custom_margin=\u00bb||5px|||\u00bb custom_padding=\u00bb||26px|||\u00bb global_module=\u00bb211&#8243; saved_tabs=\u00bball\u00bb][\/et_pb_divider][et_pb_cta title=\u00bbJOS\u00c9 PONCE BERNAL\u00bb _builder_version=\u00bb4.9.2&#8243; _dynamic_attributes=\u00bbcontent\u00bb _module_preset=\u00bbdefault\u00bb header_level=\u00bbh1&#8243; header_font=\u00bbBarlow Condensed|700|||||||\u00bb header_text_color=\u00bb#000000&#8243; header_font_size=\u00bb60px\u00bb body_font=\u00bbBarlow Condensed|300|||||||\u00bb body_text_color=\u00bb#000000&#8243; body_font_size=\u00bb43px\u00bb body_letter_spacing=\u00bb1px\u00bb body_line_height=\u00bb1.3em\u00bb background_enable_color=\u00bboff\u00bb use_background_color=\u00bboff\u00bb text_orientation=\u00bbleft\u00bb custom_margin=\u00bb-29px||-1px|||\u00bb custom_padding=\u00bb||0px|||\u00bb header_text_color_tablet=\u00bb\u00bb header_text_color_phone=\u00bb\u00bb header_text_color_last_edited=\u00bbon|tablet\u00bb header_font_size_tablet=\u00bb50px\u00bb header_font_size_phone=\u00bb\u00bb header_font_size_last_edited=\u00bbon|phone\u00bb]@ET-DC@eyJkeW5hbWljIjp0cnVlLCJjb250ZW50IjoicG9zdF9leGNlcnB0Iiwic2V0dGluZ3MiOnsiYmVmb3JlIjoiIiwiYWZ0ZXIiOiIiLCJ3b3JkcyI6IiIsInJlYWRfbW9yZV9sYWJlbCI6IiJ9fQ==@[\/et_pb_cta][et_pb_text _builder_version=\u00bb4.9.2&#8243; _module_preset=\u00bbdefault\u00bb custom_margin=\u00bb5px|||||\u00bb]<\/p>\n<p><strong>Jos\u00e9 Ponce Bernal<\/strong> fue un periodista espa\u00f1ol que vivi\u00f3 en el primer tercio del siglo XX. Naci\u00f3 en Huelva, el 20 de agosto de 1898. Hijo de un jornalero, Jos\u00e9 Ponce Zafra, y de una costurera, Mar\u00eda Bernal Dom\u00ednguez, su condici\u00f3n de \u00fanico hijo var\u00f3n lo coloc\u00f3 en el centro de atenci\u00f3n de sus padres, que sab\u00edan leer y escribir \u2013algo poco com\u00fan en esa \u00e9poca-, y de sus tres hermanas.<\/p>\n<p>Mostr\u00f3 inquietud por la prensa desde muy temprana edad. En varias de las fotograf\u00edas que se conservan de su juventud aparece con un peri\u00f3dico entre las manos. Aunque no se le conocen estudios superiores, la lectura de su obra deja ver una formaci\u00f3n s\u00f3lida, gracias, seg\u00fan testimonios familiares, a su esp\u00edritu autodidacta y a una personalidad inquieta y curiosa.<\/p>\n<p>Vivi\u00f3, adem\u00e1s, en el entorno de personas que desarrollaban en Huelva su actividad pedag\u00f3gica y docente, como los profesores Florentino Mart\u00ednez Torner, Ricardo Aldea o el destacado socialista Am\u00f3s Sabr\u00e1s Gurrea. Eran vidas ilustradas, profesionales de carreras diversas que animaron al futuro periodista y le ayudaron a seleccionar sus lecturas y a formar su intelecto. Comprometidos todos con ideales de izquierdas, influyeron, sin duda, en la evoluci\u00f3n de su pensamiento y en la fijaci\u00f3n de su posici\u00f3n pol\u00edtica.<\/p>\n<p>Desarroll\u00f3 en Huelva la mayor parte de su carrera. Logr\u00f3 erigirse en l\u00edder destacado de la sociedad en los \u00e1mbitos period\u00edstico, sindical y pol\u00edtico.<\/p>\n<p>Se inici\u00f3 en la profesi\u00f3n en las p\u00e1ginas de <em>La Provincia<\/em> como reportero deportivo en 1917, bajo el seud\u00f3nimo <em>Blanqui-Azul<\/em>; y cuatro a\u00f1os despu\u00e9s empez\u00f3 a escribir sus primeras cr\u00f3nicas sociales. Durante este tiempo se implic\u00f3 en el movimiento asociativo onubense (secretario, primero; vicepresidente, despu\u00e9s, del Huelva F\u00fatbol Club en 1919) y en el mundo sindical (secretario del Sindicato de Escritores en 1920; y secretario de la Federaci\u00f3n Local Obrera en 1922).<\/p>\n<p>[\/et_pb_text][et_pb_gallery gallery_ids=\u00bb558,491,45,486&#8243; _builder_version=\u00bb4.9.2&#8243; _module_preset=\u00bbdefault\u00bb title_level=\u00bbh2&#8243; title_font=\u00bb|||on|||||\u00bb hover_enabled=\u00bb0&#8243; sticky_enabled=\u00bb0&#8243; min_height=\u00bb326.9px\u00bb][\/et_pb_gallery][\/et_pb_column][\/et_pb_row][et_pb_row _builder_version=\u00bb4.9.2&#8243; _module_preset=\u00bbdefault\u00bb width=\u00bb97%\u00bb][et_pb_column type=\u00bb4_4&#8243; _builder_version=\u00bb4.9.2&#8243; _module_preset=\u00bbdefault\u00bb][et_pb_text _builder_version=\u00bb4.9.2&#8243; _module_preset=\u00bbdefault\u00bb custom_margin=\u00bb5px|||||\u00bb]<\/p>\n<p>Despu\u00e9s form\u00f3 parte de la redacci\u00f3n de <em>El Defensor<\/em>. En 1926 la Federaci\u00f3n de la Prensa de Espa\u00f1a expidi\u00f3 su carn\u00e9 de periodista. El 1 de enero de 1927 <em>Diario de Huelva<\/em> le dio la bienvenida como redactor y en agosto lo nombr\u00f3 redactor-jefe, cargo que ocupar\u00eda hasta octubre de 1933. Aqu\u00ed se recoge la mayor parte de su producci\u00f3n period\u00edstica. Colabor\u00f3 tambi\u00e9n en otros peri\u00f3dicos como <em>Madrid Sport<\/em> o <em>La R\u00e1bida<\/em>, <em>El Nuevo R\u00e9gimen<\/em> (\u00f3rgano del PRDF) y en <em>El Fraternal<\/em> (\u00f3rgano de la UGT y del PSOE).<\/p>\n<p>Entretanto era miembro de la Asociaci\u00f3n de la Prensa de Huelva, como vicepresidente (1928-30) y como vocal (1931-33). En 1928 constaba como miembro de la logia mas\u00f3nica onubense Ca\u00f1avate, con el nombre simb\u00f3lico de <em>Bakunin<\/em>.<\/p>\n<p>En junio de 1931 fue elegido presidente del Partido Republicano Democr\u00e1tico Federal (PRDF) de Huelva, cargo que ocup\u00f3 hasta diciembre de 1933 (en junio de este a\u00f1o fue elegido vicepresidente regional). Se present\u00f3 para diputado a cortes sin obtener los votos suficientes para ir a la segunda vuelta y dimiti\u00f3 al considerar la necesidad de una alianza con los socialistas que su comit\u00e9 no aprob\u00f3.<\/p>\n<p>Tras su implicaci\u00f3n en los sucesos revolucionarios de octubre de 1934, que lo mantuvieron siete meses preso, march\u00f3 a Madrid, donde lo sorprendi\u00f3 la guerra civil. Su mujer, Mar\u00eda Bueno, y sus cuatro hijos, Felicidad, Helenio, Floreal y Amapola, ya no volvieron a verlo vivo.<\/p>\n<p>Se afili\u00f3 al PSOE y entr\u00f3 tambi\u00e9n en la Agrupaci\u00f3n Socialista Madrile\u00f1a y en la Agrupaci\u00f3n Profesional de Periodistas.<\/p>\n<p>Enviado por <em>Claridad<\/em> de corresponsal al frente sur, empez\u00f3 a escribir sus cr\u00f3nicas de la guerra que, en la retaguardia y en el frente, le hicieron vivir episodios sobrecogedores, dram\u00e1ticos. \u00a0<\/p>\n<p>Con el tiempo estableci\u00f3 su domicilio en And\u00fajar, donde entabl\u00f3 relaciones con Ana Exp\u00f3sito y naci\u00f3 Iliturgi.<\/p>\n<p>La intensa labor de propaganda que realiz\u00f3 desde las p\u00e1ginas de <em>Claridad<\/em>, la complet\u00f3 ocupando un puesto en el Comisariado. Destinado en Ciudad Real empez\u00f3 a escribir columnas de opini\u00f3n en <em>Avance<\/em>, \u00f3rgano del PSOE en esta provincia.<\/p>\n<p>Su compromiso lo condujo a un tr\u00e1gico final. Terminada la guerra fue encarcelado en Almer\u00eda y despu\u00e9s en Madrid, donde lo torturaron hasta morir en septiembre de 1940. Cuatro a\u00f1os despu\u00e9s de su muerte, el Tribunal Especial para la Represi\u00f3n de la Masoner\u00eda y el Comunismo abri\u00f3 causa contra \u00e9l, que fue sobrese\u00edda al conocerse su condici\u00f3n de difunto.<\/p>\n<p>Entra y sum\u00e9rgete en la vida y la obra de este periodista que, como tantos otros, ha estado olvidado, silenciado y, desde luego, merece un lugar en el mundo.<\/p>\n<p>[\/et_pb_text][\/et_pb_column][\/et_pb_row][et_pb_row _builder_version=\u00bb4.9.2&#8243; _module_preset=\u00bbdefault\u00bb custom_padding=\u00bb||0px|||\u00bb][et_pb_column type=\u00bb4_4&#8243; _builder_version=\u00bb4.9.2&#8243; _module_preset=\u00bbdefault\u00bb][et_pb_divider color=\u00bb#000000&#8243; divider_weight=\u00bb8px\u00bb _builder_version=\u00bb4.9.2&#8243; _module_preset=\u00bbdefault\u00bb width=\u00bb51%\u00bb max_width=\u00bb22%\u00bb custom_margin=\u00bb||5px|||\u00bb custom_padding=\u00bb||26px|||\u00bb global_module=\u00bb211&#8243;][\/et_pb_divider][et_pb_cta title=\u00bbARCHIVOS\u00bb _builder_version=\u00bb4.9.2&#8243; _dynamic_attributes=\u00bbcontent\u00bb _module_preset=\u00bbdefault\u00bb header_level=\u00bbh1&#8243; header_font=\u00bbBarlow Condensed|700|||||||\u00bb header_text_color=\u00bb#000000&#8243; header_font_size=\u00bb60px\u00bb body_font=\u00bbBarlow Condensed|300|||||||\u00bb body_text_color=\u00bb#000000&#8243; body_font_size=\u00bb43px\u00bb body_letter_spacing=\u00bb1px\u00bb body_line_height=\u00bb1.3em\u00bb background_enable_color=\u00bboff\u00bb use_background_color=\u00bboff\u00bb text_orientation=\u00bbleft\u00bb custom_margin=\u00bb-29px||-1px|||\u00bb custom_padding=\u00bb||0px|||\u00bb header_text_color_tablet=\u00bb\u00bb header_text_color_phone=\u00bb\u00bb header_text_color_last_edited=\u00bbon|tablet\u00bb header_font_size_tablet=\u00bb50px\u00bb header_font_size_phone=\u00bb\u00bb header_font_size_last_edited=\u00bbon|phone\u00bb]@ET-DC@eyJkeW5hbWljIjp0cnVlLCJjb250ZW50IjoicG9zdF9leGNlcnB0Iiwic2V0dGluZ3MiOnsiYmVmb3JlIjoiIiwiYWZ0ZXIiOiIiLCJ3b3JkcyI6IiIsInJlYWRfbW9yZV9sYWJlbCI6IiJ9fQ==@[\/et_pb_cta][\/et_pb_column][\/et_pb_row][et_pb_row column_structure=\u00bb1_3,1_3,1_3&#8243; _builder_version=\u00bb4.9.2&#8243; _module_preset=\u00bbdefault\u00bb][et_pb_column type=\u00bb1_3&#8243; _builder_version=\u00bb4.9.2&#8243; _module_preset=\u00bbdefault\u00bb][et_pb_button button_url=\u00bbhttps:\/\/www.poncebernal.es\/archivos\/docupersonal.pdf\u00bb url_new_window=\u00bbon\u00bb button_text=\u00bbDOC. PERSONAL\u00bb _builder_version=\u00bb4.9.2&#8243; _module_preset=\u00bbdefault\u00bb custom_button=\u00bbon\u00bb button_text_size=\u00bb12px\u00bb custom_padding=\u00bb|56px||||\u00bb animation_style=\u00bbfade\u00bb scroll_vertical_motion=\u00bb0|51|51|100|4|0|-4&#8243;][\/et_pb_button][\/et_pb_column][et_pb_column type=\u00bb1_3&#8243; _builder_version=\u00bb4.9.2&#8243; _module_preset=\u00bbdefault\u00bb][et_pb_button button_url=\u00bbhttps:\/\/www.poncebernal.es\/archivos\/refpersonales.pdf\u00bb url_new_window=\u00bbon\u00bb button_text=\u00bbAP\u00c9NDICE REF. PRENSA POR ALUSIONES \u00bb _builder_version=\u00bb4.9.2&#8243; _module_preset=\u00bbdefault\u00bb custom_button=\u00bbon\u00bb button_text_size=\u00bb12px\u00bb][\/et_pb_button][\/et_pb_column][et_pb_column type=\u00bb1_3&#8243; _builder_version=\u00bb4.9.2&#8243; _module_preset=\u00bbdefault\u00bb][et_pb_button button_url=\u00bbhttps:\/\/www.poncebernal.es\/archivos\/refalusiones.pdf\u00bb url_new_window=\u00bbon\u00bb button_text=\u00bbAP\u00c9NDICES. REF. PRENSA POR ALUSIONES\u00bb _builder_version=\u00bb4.9.2&#8243; _module_preset=\u00bbdefault\u00bb custom_button=\u00bbon\u00bb button_text_size=\u00bb12px\u00bb][\/et_pb_button][\/et_pb_column][\/et_pb_row][\/et_pb_section][et_pb_section fb_built=\u00bb1&#8243; fullwidth=\u00bbon\u00bb _builder_version=\u00bb4.9.2&#8243; _module_preset=\u00bbdefault\u00bb][et_pb_fullwidth_header title=\u00bbPongamos el trabajo honrado al servicio de la inteligencia y arranquemos chispas al yunque ideal de la vida\u00bb subhead=\u00bbDiario de Huelva, 11-09-1930&#8243; button_one_text=\u00bbVER\u00bb button_one_url=\u00bbhttps:\/\/www.poncebernal.es\/archivos\/diariodehuelva.pdf\u00bb _builder_version=\u00bb4.9.2&#8243; _module_preset=\u00bbdefault\u00bb title_font=\u00bbBarlow Condensed|||on|||||\u00bb content_font=\u00bbBarlow Condensed||||||||\u00bb content_font_size=\u00bb21px\u00bb content_letter_spacing=\u00bb1px\u00bb background_color=\u00bb#2ea3f2&#8243; hover_enabled=\u00bb0&#8243; sticky_enabled=\u00bb0&#8243;][\/et_pb_fullwidth_header][\/et_pb_section]<\/p>\n","protected":false},"excerpt":{"rendered":"<p>[et_pb_section fb_built=\u00bb1&#8243; fullwidth=\u00bbon\u00bb _builder_version=\u00bb4.9.2&#8243; _module_preset=\u00bbdefault\u00bb background_enable_image=\u00bboff\u00bb custom_padding=\u00bb0px||0px|||\u00bb][et_pb_fullwidth_slider show_arrows=\u00bboff\u00bb show_pagination=\u00bboff\u00bb _builder_version=\u00bb4.9.2&#8243; _module_preset=\u00bbdefault\u00bb custom_button=\u00bbon\u00bb button_font=\u00bbBarlow Condensed||||||||\u00bb button_use_icon=\u00bboff\u00bb custom_margin=\u00bb||27px|||\u00bb custom_padding=\u00bb151px||151px|||\u00bb hover_enabled=\u00bb0&#8243; saved_tabs=\u00bball\u00bb sticky_enabled=\u00bb0&#8243;][et_pb_slide heading=\u00bbBIOGRAF\u00cdA\u00bb use_bg_overlay=\u00bboff\u00bb _builder_version=\u00bb4.9.2&#8243; _module_preset=\u00bbdefault\u00bb header_font=\u00bbBarlow Condensed|700||||on|||\u00bb header_font_size=\u00bb1536%\u00bb header_letter_spacing=\u00bb4px\u00bb body_font=\u00bbBarlow Condensed||||||||\u00bb body_font_size=\u00bb20px\u00bb background_color=\u00bbrgba(40,41,62,0.81)\u00bb background_image=\u00bbhttp:\/\/poncebernal.es\/wp-content\/uploads\/2021\/05\/1.-Jose-Ponce-Bernal.-Foto-de-Colegio.jpg\u00bb background_enable_image=\u00bbon\u00bb background_blend=\u00bboverlay\u00bb button_alignment=\u00bbcenter\u00bb header_font_size_tablet=\u00bb826%\u00bb header_font_size_phone=\u00bb366%\u00bb header_font_size_last_edited=\u00bbon|phone\u00bb sticky_transition=\u00bbon\u00bb] Mostr\u00f3 inquietud por la prensa desde muy temprana edad [\/et_pb_slide][\/et_pb_fullwidth_slider][\/et_pb_section][et_pb_section fb_built=\u00bb1&#8243; _builder_version=\u00bb4.9.2&#8243; _module_preset=\u00bbdefault\u00bb custom_padding=\u00bb114px|||||\u00bb][et_pb_row _builder_version=\u00bb4.9.2&#8243; [&hellip;]<\/p>\n","protected":false},"author":1,"featured_media":0,"parent":0,"menu_order":0,"comment_status":"closed","ping_status":"closed","template":"","meta":{"_et_pb_use_builder":"on","_et_pb_old_content":"","_et_gb_content_width":""},"_links":{"self":[{"href":"https:\/\/poncebernal.es\/index.php?rest_route=\/wp\/v2\/pages\/118"}],"collection":[{"href":"https:\/\/poncebernal.es\/index.php?rest_route=\/wp\/v2\/pages"}],"about":[{"href":"https:\/\/poncebernal.es\/index.php?rest_route=\/wp\/v2\/types\/page"}],"author":[{"embeddable":true,"href":"https:\/\/poncebernal.es\/index.php?rest_route=\/wp\/v2\/users\/1"}],"replies":[{"embeddable":true,"href":"https:\/\/poncebernal.es\/index.php?rest_route=%2Fwp%2Fv2%2Fcomments&post=118"}],"version-history":[{"count":27,"href":"https:\/\/poncebernal.es\/index.php?rest_route=\/wp\/v2\/pages\/118\/revisions"}],"predecessor-version":[{"id":1592,"href":"https:\/\/poncebernal.es\/index.php?rest_route=\/wp\/v2\/pages\/118\/revisions\/1592"}],"wp:attachment":[{"href":"https:\/\/poncebernal.es\/index.php?rest_route=%2Fwp%2Fv2%2Fmedia&parent=118"}],"curies":[{"name":"wp","href":"https:\/\/api.w.org\/{rel}","templated":true}]}}