{"id":1142,"date":"2021-05-16T11:06:25","date_gmt":"2021-05-16T11:06:25","guid":{"rendered":"https:\/\/poncebernal.es\/?page_id=1142"},"modified":"2021-06-04T09:27:46","modified_gmt":"2021-06-04T09:27:46","slug":"personales","status":"publish","type":"page","link":"https:\/\/poncebernal.es\/?page_id=1142","title":{"rendered":"PERSONALES"},"content":{"rendered":"<p>[et_pb_section fb_built=\u00bb1&#8243; fullwidth=\u00bbon\u00bb _builder_version=\u00bb4.9.2&#8243; _module_preset=\u00bbdefault\u00bb background_enable_image=\u00bboff\u00bb custom_padding=\u00bb0px||0px|||\u00bb][et_pb_fullwidth_slider show_arrows=\u00bboff\u00bb show_pagination=\u00bboff\u00bb _builder_version=\u00bb4.9.2&#8243; _module_preset=\u00bbdefault\u00bb header_font_size=\u00bb44px\u00bb custom_button=\u00bbon\u00bb button_font=\u00bbBarlow Condensed||||||||\u00bb button_use_icon=\u00bboff\u00bb custom_margin=\u00bb||27px|||\u00bb custom_padding=\u00bb151px||151px|||\u00bb saved_tabs=\u00bball\u00bb][et_pb_slide heading=\u00bbPERSONALES\u00bb use_bg_overlay=\u00bboff\u00bb _builder_version=\u00bb4.9.2&#8243; _module_preset=\u00bbdefault\u00bb header_font=\u00bbBarlow Condensed|700||||on|||\u00bb header_font_size=\u00bb1536%\u00bb header_letter_spacing=\u00bb4px\u00bb body_font=\u00bbBarlow Condensed||||||||\u00bb body_font_size=\u00bb20px\u00bb background_color=\u00bbrgba(40,41,62,0.81)\u00bb background_image=\u00bbhttp:\/\/poncebernal.es\/wp-content\/uploads\/2021\/05\/19.-maria-Bueno-y-su-hija-Felicidad.-21-de-mayo-de-1931.jpg\u00bb background_enable_image=\u00bbon\u00bb background_blend=\u00bboverlay\u00bb button_alignment=\u00bbcenter\u00bb header_font_size_tablet=\u00bb802%\u00bb header_font_size_phone=\u00bb366%\u00bb header_font_size_last_edited=\u00bbon|phone\u00bb sticky_transition=\u00bbon\u00bb]<\/p>\n<p>Fotos personales y familiares<\/p>\n<p>[\/et_pb_slide][\/et_pb_fullwidth_slider][\/et_pb_section][et_pb_section fb_built=\u00bb1&#8243; _builder_version=\u00bb4.9.2&#8243; _module_preset=\u00bbdefault\u00bb custom_padding=\u00bb114px|||||\u00bb][et_pb_row _builder_version=\u00bb4.9.2&#8243; _module_preset=\u00bbdefault\u00bb][et_pb_column type=\u00bb4_4&#8243; _builder_version=\u00bb4.9.2&#8243; _module_preset=\u00bbdefault\u00bb][et_pb_divider color=\u00bb#000000&#8243; divider_weight=\u00bb8px\u00bb _builder_version=\u00bb4.9.2&#8243; _module_preset=\u00bbdefault\u00bb width=\u00bb51%\u00bb max_width=\u00bb22%\u00bb custom_margin=\u00bb||5px|||\u00bb custom_padding=\u00bb||26px|||\u00bb global_module=\u00bb211&#8243;][\/et_pb_divider][et_pb_cta title=\u00bbFOTOS PERSONALES\u00bb _builder_version=\u00bb4.9.2&#8243; _module_preset=\u00bbdefault\u00bb header_level=\u00bbh1&#8243; header_font=\u00bbBarlow Condensed|700|||||||\u00bb header_text_color=\u00bb#000000&#8243; header_font_size=\u00bb60px\u00bb body_font=\u00bbBarlow Condensed|300|||||||\u00bb body_text_color=\u00bb#000000&#8243; body_font_size=\u00bb43px\u00bb body_letter_spacing=\u00bb1px\u00bb body_line_height=\u00bb1.3em\u00bb background_enable_color=\u00bboff\u00bb use_background_color=\u00bboff\u00bb text_orientation=\u00bbleft\u00bb custom_margin=\u00bb-29px||-1px|||\u00bb custom_padding=\u00bb||0px|||\u00bb header_text_color_tablet=\u00bb\u00bb header_text_color_phone=\u00bb\u00bb header_text_color_last_edited=\u00bbon|tablet\u00bb header_font_size_tablet=\u00bb50px\u00bb header_font_size_phone=\u00bb\u00bb header_font_size_last_edited=\u00bbon|phone\u00bb]<\/p>\n<p>Las im\u00e1genes m\u00e1s \u00edntimas de Jos\u00e9 Ponce Bernal y su familia<\/p>\n<p>[\/et_pb_cta][et_pb_gallery gallery_ids=\u00bb498,497,494,493,492,491,490,489,488,487,486,485,482,481,480,476,1318&#8243; posts_number=\u00bb20&#8243; _builder_version=\u00bb4.9.2&#8243; _module_preset=\u00bbdefault\u00bb hover_enabled=\u00bb0&#8243; box_shadow_style_image=\u00bbpreset1&#8243; sticky_enabled=\u00bb0&#8243;][\/et_pb_gallery][\/et_pb_column][\/et_pb_row][\/et_pb_section][et_pb_section fb_built=\u00bb1&#8243; fullwidth=\u00bbon\u00bb _builder_version=\u00bb4.9.2&#8243; _module_preset=\u00bbdefault\u00bb][et_pb_fullwidth_header title=\u00bbLA GRAN HERMANDAD DEL DEPORTE Y DEL ESTUDIO HA ROTO LOS CONVENCIONALISMOS DE UNA \u00c9POCA DE REJAS Y VELOS\u00bb subhead=\u00bbDiario de Huelva, 04-03-1931&#8243; button_one_text=\u00bbVER\u00bb button_one_url=\u00bbhttps:\/\/poncebernal.es\/archivos\/diariodehuelva.pdf\u00bb _builder_version=\u00bb4.9.2&#8243; _module_preset=\u00bbdefault\u00bb title_font=\u00bbBarlow Condensed|||on|||||\u00bb content_font=\u00bbBarlow Condensed||||||||\u00bb content_font_size=\u00bb21px\u00bb content_letter_spacing=\u00bb1px\u00bb background_color=\u00bb#2ea3f2&#8243;][\/et_pb_fullwidth_header][\/et_pb_section]<\/p>\n","protected":false},"excerpt":{"rendered":"<p>[et_pb_section fb_built=\u00bb1&#8243; fullwidth=\u00bbon\u00bb _builder_version=\u00bb4.9.2&#8243; _module_preset=\u00bbdefault\u00bb background_enable_image=\u00bboff\u00bb custom_padding=\u00bb0px||0px|||\u00bb][et_pb_fullwidth_slider show_arrows=\u00bboff\u00bb show_pagination=\u00bboff\u00bb _builder_version=\u00bb4.9.2&#8243; _module_preset=\u00bbdefault\u00bb header_font_size=\u00bb44px\u00bb custom_button=\u00bbon\u00bb button_font=\u00bbBarlow Condensed||||||||\u00bb button_use_icon=\u00bboff\u00bb custom_margin=\u00bb||27px|||\u00bb custom_padding=\u00bb151px||151px|||\u00bb saved_tabs=\u00bball\u00bb][et_pb_slide heading=\u00bbPERSONALES\u00bb use_bg_overlay=\u00bboff\u00bb _builder_version=\u00bb4.9.2&#8243; _module_preset=\u00bbdefault\u00bb header_font=\u00bbBarlow Condensed|700||||on|||\u00bb header_font_size=\u00bb1536%\u00bb header_letter_spacing=\u00bb4px\u00bb body_font=\u00bbBarlow Condensed||||||||\u00bb body_font_size=\u00bb20px\u00bb background_color=\u00bbrgba(40,41,62,0.81)\u00bb background_image=\u00bbhttp:\/\/poncebernal.es\/wp-content\/uploads\/2021\/05\/19.-maria-Bueno-y-su-hija-Felicidad.-21-de-mayo-de-1931.jpg\u00bb background_enable_image=\u00bbon\u00bb background_blend=\u00bboverlay\u00bb button_alignment=\u00bbcenter\u00bb header_font_size_tablet=\u00bb802%\u00bb header_font_size_phone=\u00bb366%\u00bb header_font_size_last_edited=\u00bbon|phone\u00bb sticky_transition=\u00bbon\u00bb] Fotos personales y familiares [\/et_pb_slide][\/et_pb_fullwidth_slider][\/et_pb_section][et_pb_section fb_built=\u00bb1&#8243; _builder_version=\u00bb4.9.2&#8243; _module_preset=\u00bbdefault\u00bb custom_padding=\u00bb114px|||||\u00bb][et_pb_row _builder_version=\u00bb4.9.2&#8243; _module_preset=\u00bbdefault\u00bb][et_pb_column type=\u00bb4_4&#8243; _builder_version=\u00bb4.9.2&#8243; _module_preset=\u00bbdefault\u00bb][et_pb_divider color=\u00bb#000000&#8243; divider_weight=\u00bb8px\u00bb [&hellip;]<\/p>\n","protected":false},"author":1,"featured_media":0,"parent":0,"menu_order":0,"comment_status":"closed","ping_status":"closed","template":"","meta":{"_et_pb_use_builder":"on","_et_pb_old_content":"<!-- wp:divi\/placeholder \/-->","_et_gb_content_width":""},"_links":{"self":[{"href":"https:\/\/poncebernal.es\/index.php?rest_route=\/wp\/v2\/pages\/1142"}],"collection":[{"href":"https:\/\/poncebernal.es\/index.php?rest_route=\/wp\/v2\/pages"}],"about":[{"href":"https:\/\/poncebernal.es\/index.php?rest_route=\/wp\/v2\/types\/page"}],"author":[{"embeddable":true,"href":"https:\/\/poncebernal.es\/index.php?rest_route=\/wp\/v2\/users\/1"}],"replies":[{"embeddable":true,"href":"https:\/\/poncebernal.es\/index.php?rest_route=%2Fwp%2Fv2%2Fcomments&post=1142"}],"version-history":[{"count":16,"href":"https:\/\/poncebernal.es\/index.php?rest_route=\/wp\/v2\/pages\/1142\/revisions"}],"predecessor-version":[{"id":1588,"href":"https:\/\/poncebernal.es\/index.php?rest_route=\/wp\/v2\/pages\/1142\/revisions\/1588"}],"wp:attachment":[{"href":"https:\/\/poncebernal.es\/index.php?rest_route=%2Fwp%2Fv2%2Fmedia&parent=1142"}],"curies":[{"name":"wp","href":"https:\/\/api.w.org\/{rel}","templated":true}]}}